{"id":1020,"date":"2017-09-29T20:49:51","date_gmt":"2017-09-29T18:49:51","guid":{"rendered":"http:\/\/www.desales.sk\/?page_id=1020"},"modified":"2017-10-01T23:49:45","modified_gmt":"2017-10-01T21:49:45","slug":"dobrozdania","status":"publish","type":"page","link":"http:\/\/www.desales.sk\/?page_id=1020","title":{"rendered":"Dobrozdania"},"content":{"rendered":"<div>\n<h3>Kardin\u00e1l Raymond Leo Burke<\/h3>\n<p><img loading=\"lazy\" decoding=\"async\" class=\"alignleft wp-image-1024 size-medium\" src=\"http:\/\/www.desales.sk\/wp-content\/uploads\/2017\/09\/053-Cardinal-Burke-01-High-Quality-214x300.jpg\" alt=\"\" width=\"214\" height=\"300\" srcset=\"http:\/\/www.desales.sk\/wp-content\/uploads\/2017\/09\/053-Cardinal-Burke-01-High-Quality-214x300.jpg 214w, http:\/\/www.desales.sk\/wp-content\/uploads\/2017\/09\/053-Cardinal-Burke-01-High-Quality-768x1076.jpg 768w, http:\/\/www.desales.sk\/wp-content\/uploads\/2017\/09\/053-Cardinal-Burke-01-High-Quality-731x1024.jpg 731w, http:\/\/www.desales.sk\/wp-content\/uploads\/2017\/09\/053-Cardinal-Burke-01-High-Quality.jpg 1080w\" sizes=\"auto, (max-width: 214px) 100vw, 214px\" \/><strong>Jeho eminencia kardin\u00e1l Raymond Leo Burke<\/strong> n\u00e1s 10. m\u00e1ja 2017 poctil svoj\u00edm vz\u00e1cnym pr\u00edhovorom ku knihe <em>Triumf\u00a0<\/em><em>Srdca<\/em>. Vo svojom pr\u00edhovore <strong>o\u00a0na\u0161om In\u0161tit\u00fate sv\u00e4t\u00e9ho Franti\u0161ka Salesk\u00e9ho p\u00ed\u0161e<\/strong>:<\/p>\n<p>\u201e(&#8230;) Ke\u010f\u017ee si uvedomujem st\u00e1le trvaj\u00facu d\u00f4le\u017eitos\u0165 posolstva Na\u0161ej Panej z Fatimy, som ve\u013emi v\u010fa\u010dn\u00fd za to, \u017ee na po\u010des\u0165 storo\u010dnice jej zjaven\u00ed sa <strong>In\u0161tit\u00fat sv\u00e4t\u00e9ho Franti\u0161ka Salesk\u00e9ho<\/strong> na Slovensku rozhodol vyda\u0165 knihu <a href=\"http:\/\/www.triumfsrdca.sk\/\"><em>Triumf Srdca<\/em><\/a>, aby sa toto posolstvo roz\u0161\u00edrilo a hlb\u0161ie pochopilo. Kniha <a href=\"http:\/\/www.triumfsrdca.sk\/\"><em>Triumf Srdca<\/em><\/a> nepod\u00e1va len historick\u00e9 inform\u00e1cie o zjaveniach Na\u0161ej Panej z Fatimy, no predov\u0161etk\u00fdm objas\u0148uje dvan\u00e1s\u0165 pilierov katol\u00edckej n\u00e1uky a spirituality, tak ako sa odhalili v zjaveniach Na\u0161ej Panej.<\/p>\n<p>Z\u00e1ujem o tieto piliere pom\u00f4\u017ee \u010ditate\u013eovi, aby \u010doraz viac vzrastala jednota jeho srdca s Najsv\u00e4tej\u0161\u00edm Srdcom Je\u017ei\u0161ov\u00fdm a aby sa tak on s\u00e1m st\u00e1val \u010doraz efekt\u00edvnej\u0161\u00edm prostredn\u00edkom novej evanjeliz\u00e1cie, tak ve\u013emi potrebnej pre na\u0161u kult\u00faru. Z\u00e1ujem o materinsk\u00e9 vedenie Na\u0161ej Panej z Fatimy bude pri\u0165ahova\u0165 du\u0161e ku Kristovi. Ten im d\u00e1 sedmor\u00fd dar Ducha Sv\u00e4t\u00e9ho na obr\u00e1tenie vlastn\u00fdch \u017eivotov a premenu kult\u00fary smrti na civiliz\u00e1ciu l\u00e1sky.<\/p>\n<p><strong>Mojou n\u00e1dejou je, \u017ee \u010d\u00edtanie knihy <a href=\"http:\/\/www.triumfsrdca.sk\/\"><em>Triumf Srdca<\/em><\/a> povedie mno\u017estvo du\u0161\u00ed, aby sa ich srdcia zjednotili s Nepo\u0161kvrnen\u00fdm Srdcom Panny M\u00e1rie, k \u00fapln\u00e9mu zasv\u00e4teniu ich s\u0155dc Najsv\u00e4tej\u0161iemu Srdcu Je\u017ei\u0161ovmu. <\/strong>Tak ako n\u00e1s aj Bo\u017eia Matka u\u010d\u00ed, \u017ee nie je istej\u0161ia cesta ku ka\u017edodenn\u00e9mu rastu v duchovnom \u017eivote, k tomu, sta\u0165 sa \u201eriekou \u017eivej vody\u201c\u00a0 pre svet, ktor\u00fd tak ve\u013emi \u017e\u00edzni po pravde a l\u00e1ske, ako pr\u00e1ve cez Najsv\u00e4tej\u0161ie Srdce Je\u017ei\u0161ovo, lebo tieto sa nach\u00e1dzaj\u00fa pr\u00e1ve a iba v \u0148om.<\/p>\n<p><strong>Moje ka\u017edodenn\u00e9 modlitby a po\u017eehnanie bud\u00fa sprev\u00e1dza\u0165 t\u00fato knihu a v\u0161etk\u00fdch \u010dlenov In\u0161tit\u00fatu sv\u00e4t\u00e9ho Franti\u0161ka Salesk\u00e9ho spolu s t\u00fdmi, ktor\u00ed s nimi spolupracovali na tom, aby bolo mo\u017en\u00e9 vyda\u0165 tak\u00e9 d\u00f4le\u017eit\u00e9 duchovn\u00e9 dielo. <\/strong>D\u00fafam, \u017ee t\u00e1to kniha n\u00e1m v\u0161etk\u00fdm poskytne zna\u010dn\u00fa pomoc v tom, \u017ee centrom v\u0161etk\u00e9ho n\u00e1\u0161ho sna\u017eenia nebude len \u010disto vonkaj\u0161ia aktivita, no predov\u0161etk\u00fdm aktivita duchovn\u00e1 \u2013 \u00fa\u010das\u0165 na najsv\u00e4tej\u0161ej obete sv\u00e4tej om\u0161e, \u00fakon v\u010fakyvzdania po ka\u017edej sv\u00e4tej om\u0161i a po\u010das d\u0148a, eucharistick\u00e1 ador\u00e1cia a ka\u017edodenn\u00e1 modlitba ru\u017eenca. T\u00fdmito n\u00e1\u0161 P\u00e1n, skrze orodovanie Na\u0161ej Panej, pretvor\u00ed na\u0161e \u017eivoty a n\u00e1\u0161 svet. Nasledovan\u00edm n\u00e1\u0161ho P\u00e1na, spolu s jeho panenskou Matkou, na\u0161ou nebeskou Matkou, t\u00fdmto sp\u00f4sobom si m\u00f4\u017eeme by\u0165 ist\u00ed, \u017ee <strong>Nepo\u0161kvrnen\u00e9 Srdce Panny M\u00e1rie bude triumfova\u0165, dokonca aj v na\u0161ich \u0165a\u017ek\u00fdch \u010dasoch.<\/strong><\/p>\n<p><strong>Kie\u017e by sa v\u0161etci \u010dlenovia In\u0161tit\u00fatu sv\u00e4t\u00e9ho Franti\u0161ka Salesk\u00e9ho stali eucharistick\u00fdmi a mari\u00e1nskymi du\u0161ami, ktor\u00e9 bud\u00fa ve\u013ekou \u00fatechou a pomocou pre svojich biskupov a k\u0148azov<\/strong> v diele novej evanjeliz\u00e1cie, v diele vyu\u010dovania, sl\u00e1venia a \u017eitia katol\u00edckej viery so zanieten\u00edm a silou prv\u00fdch u\u010den\u00edkov a prv\u00fdch mision\u00e1rov na na\u0161ich dom\u00e1cich \u00fazemiach.<\/p>\n<p>Pozn\u00e1m Slovensko ako krajinu, ktor\u00e1 je obzvl\u00e1\u0161\u0165 oddan\u00e1 Preblahoslavenej Panne M\u00e1rii a Cirkvi, tajomn\u00e9mu telu Je\u017ei\u0161a Krista. Nech kniha <a href=\"http:\/\/www.triumfsrdca.sk\/\"><em>Triumf Srdca<\/em><\/a> in\u0161piruje a napom\u00e1ha dobru slovensk\u00e9ho \u013eudu v tom, aby pokra\u010doval v st\u00e1ro\u010dnom dedi\u010dstve Cirkvi vo svojej domovine. Takto nech Kristova pravda a l\u00e1ska o\u017eivuje domovy a rob\u00ed zo Slovenska svetlo n\u00e1deje pre ostatn\u00e9 n\u00e1rody, ktor\u00e9 z\u00e1pasia proti sil\u00e1m materializmu a relativizmu.<\/p>\n<p><strong>Z cel\u00e9ho srdca odpor\u00fa\u010dam ka\u017ed\u00e9mu \u010ditate\u013eovi toto aktu\u00e1lne dielo <\/strong>a uis\u0165ujem v\u00e1s o svojich modlitb\u00e1ch za v\u00e1s, aby skrze materinsk\u00e9 vedenie Na\u0161ej Panej z Fatimy zv\u00ed\u0165azilo Nepo\u0161kvrnen\u00e9 Srdce Preblahoslavenej Panny M\u00e1rie nad ka\u017edou temnotou vo va\u0161ich srdciach. Skrze jej v\u00ed\u0165azstvo vo va\u0161om srdci a v srdciach mnoh\u00fdch in\u00fdch, skrze v\u00ed\u0165azstvo viery, Nepo\u0161kvrnen\u00e9 Srdce Panny M\u00e1rie zv\u00ed\u0165az\u00ed tie\u017e nad obrovskou temnotou na\u0161ich \u010dias t\u00fdm, \u017ee privedie du\u0161e k pravde a l\u00e1ske jej Syna, \u017ee privedie du\u0161e k \u00fapln\u00e9mu darovaniu svojich s\u0155dc, spolu s jej Srdcom, Najsv\u00e4tej\u0161iemu Srdcu Je\u017ei\u0161ovmu. Panna M\u00e1ria sa bude aj na\u010falej prihov\u00e1ra\u0165 na\u0161im srdciam rovnako, ako sa prihovorila srdciam obsluhuj\u00facich na svadbe v K\u00e1ne: \u201eUrobte v\u0161etko, \u010do v\u00e1m povie.\u201c\u201c<\/p>\n<p>Vatik\u00e1n 10. m\u00e1ja 2017<\/p>\n<div style=\"text-align: right;\"><strong>+ Kardin\u00e1l Raymond Leo Burke, <\/strong><br \/>\npatr\u00f3n R\u00e1du malt\u00e9zskych rytierov,<br \/>\nVatik\u00e1n<\/div>\n<p>&nbsp;<\/p>\n<p>Taktie\u017e <strong>Jeho eminencia kardin\u00e1l Raymond Leo Burke<\/strong> pri osobnej audiencii 14. okt\u00f3bra 2016 <strong>udelil In\u0161tit\u00fatu sv\u00e4t\u00e9ho Franti\u0161ka Salesk\u00e9ho svoje apo\u0161tolsk\u00e9 po\u017eehnanie<\/strong>. S\u013e\u00fabil n\u00e1m svoje ka\u017edodenn\u00e9 modlitby, aby sme mohli napredova\u0165 v\u00a0osobnej sv\u00e4tosti a\u00a0tak mali silu pom\u00f4c\u0165 n\u00e1js\u0165 Boha aj druh\u00fdm.<\/p>\n<\/div>\n<div>\n<h3>Kardin\u00e1l Robert Sarah<\/h3>\n<p><strong><img loading=\"lazy\" decoding=\"async\" class=\"size-medium wp-image-1026 alignright\" src=\"http:\/\/www.desales.sk\/wp-content\/uploads\/2017\/09\/054-Cardinal-Sarah-02-Medium-Quality-300x185.jpg\" alt=\"\" width=\"300\" height=\"185\" srcset=\"http:\/\/www.desales.sk\/wp-content\/uploads\/2017\/09\/054-Cardinal-Sarah-02-Medium-Quality-300x185.jpg 300w, http:\/\/www.desales.sk\/wp-content\/uploads\/2017\/09\/054-Cardinal-Sarah-02-Medium-Quality-768x474.jpg 768w, http:\/\/www.desales.sk\/wp-content\/uploads\/2017\/09\/054-Cardinal-Sarah-02-Medium-Quality-1024x632.jpg 1024w, http:\/\/www.desales.sk\/wp-content\/uploads\/2017\/09\/054-Cardinal-Sarah-02-Medium-Quality.jpg 1750w\" sizes=\"auto, (max-width: 300px) 100vw, 300px\" \/>Jeho eminencia kardin\u00e1l Robert Sarah <\/strong>n\u00e1s 7. apr\u00edla 2017 poctil svoj\u00edm vz\u00e1cnym pr\u00edhovorom ku knihe <a href=\"http:\/\/www.triumfsrdca.sk\/\"><em>Triumf Srdca<\/em><\/a>. Vo svojom pr\u00edhovore p\u00ed\u0161e:<\/p>\n<p>\u201eSom r\u00e1d, \u017ee v roku 2017, ke\u010f spolo\u010dne s p\u00e1pe\u017eom Franti\u0161kom oslavujeme storo\u010dnicu zjaven\u00ed Panny M\u00e1rie vo Fatime, <strong>m\u00f4\u017eem predstavi\u0165 knihu <a href=\"http:\/\/www.triumfsrdca.sk\/\"><em>Triumf Srdca<\/em><\/a> o aktu\u00e1lnosti zmyslu Bo\u017e\u00edch posolstiev<\/strong>, ktor\u00e9 n\u00e1m odovzdala Panna M\u00e1ria. (&#8230;)\u201c<\/p>\n<p>Vatik\u00e1n 7. apr\u00edla 2017<\/p>\n<div style=\"text-align: right;\"><strong>+ Kardin\u00e1l Robert Sarah, <\/strong><br \/>\nprefekt Kongreg\u00e1cie pre Bo\u017e\u00ed kult a discipl\u00ednu sviatost\u00ed,<br \/>\nVatik\u00e1n<\/div>\n<\/div>\n<div>\n<h3>Mons. Athanasius Schneider<\/h3>\n<p><strong><img loading=\"lazy\" decoding=\"async\" class=\"alignleft size-medium wp-image-1027\" src=\"http:\/\/www.desales.sk\/wp-content\/uploads\/2017\/09\/055-Athanasius-Schneider-02-Medium-Quality-300x145.jpg\" alt=\"\" width=\"300\" height=\"145\" srcset=\"http:\/\/www.desales.sk\/wp-content\/uploads\/2017\/09\/055-Athanasius-Schneider-02-Medium-Quality-300x145.jpg 300w, http:\/\/www.desales.sk\/wp-content\/uploads\/2017\/09\/055-Athanasius-Schneider-02-Medium-Quality-768x372.jpg 768w, http:\/\/www.desales.sk\/wp-content\/uploads\/2017\/09\/055-Athanasius-Schneider-02-Medium-Quality-1024x495.jpg 1024w, http:\/\/www.desales.sk\/wp-content\/uploads\/2017\/09\/055-Athanasius-Schneider-02-Medium-Quality.jpg 1054w\" sizes=\"auto, (max-width: 300px) 100vw, 300px\" \/>Jeho excelencia Mons. Athanasius Schneider<\/strong> n\u00e1s 25. marca 2017 poctil svoj\u00edm vz\u00e1cnym pr\u00edhovorom ku knihe <a href=\"http:\/\/www.triumfsrdca.sk\/\"><em>Triumf Srdca<\/em><\/a>. Vo svojom pr\u00edhovore o\u00a0na\u0161om In\u0161tit\u00fate sv\u00e4t\u00e9ho Franti\u0161ka Salesk\u00e9ho p\u00ed\u0161e:<\/p>\n<p>\u201e(&#8230;) <strong>In\u0161tit\u00fat sv\u00e4t\u00e9ho Franti\u0161ka Salesk\u00e9ho na Slovensku podal chv\u00e1lyhodn\u00fd v\u00fdkon, ke\u010f vydal knihu s n\u00e1zvom <a href=\"http:\/\/www.triumfsrdca.sk\/\"><em>Triumf Srdca<\/em><\/a> pri pr\u00edle\u017eitosti st\u00e9ho v\u00fdro\u010dia zjaven\u00ed vo Fatime. <\/strong>Kniha pod\u00e1va ucelen\u00fa, vy\u010derp\u00e1vaj\u00facu a majstrovsk\u00fa prezent\u00e1ciu zjaven\u00ed vo Fatime a tie\u017e toho, \u010do s nimi s\u00favis\u00ed. Nech m\u00e1 kniha \u0161irok\u00fd z\u00e1ber a nech je ve\u013ek\u00fdm duchovn\u00fdm bohatstvom pre jej \u010ditate\u013eov vn\u00fatri Cirkvi i mimo nej.<\/p>\n<p>Kie\u017e by Cirkev v na\u0161ich \u010dasoch na\u010d\u00favala, \u010do hovor\u00ed prorock\u00fd Duch (porov. Zjv 2, 11) skrze slov\u00e1 anjela vo Fatime, skrze hrdinsk\u00fd pr\u00edklad \u017eivota bl. Franti\u0161ka a bl. Hyacinty a na prvom mieste skrze slov\u00e1 Na\u0161ej Panej, Matky Boha, na\u0161ej Matky a duchovnej Matky cel\u00e9ho \u013eudstva. Pri\u0161la k n\u00e1m v t\u00fdchto nesmierne kritick\u00fdch chv\u00ed\u013each v dejin\u00e1ch Cirkvi a \u013eudskej rodiny a hovor\u00ed k n\u00e1m z h\u013abky svojho Nepo\u0161kvrnen\u00e9ho materinsk\u00e9ho Srdca. Bo\u017eie milosrdenstvo dalo Nepo\u0161kvrnen\u00e9 Srdce Panny M\u00e1rie celej Cirkvi a ka\u017ed\u00e9mu jej \u010dlenovi \u2013 p\u00e1pe\u017eom po\u010d\u00ednaj\u00fac a najjednoduch\u0161\u00edm veriacim kon\u010diac \u2013 ako bezpe\u010dn\u00e9 \u00fato\u010disko, aby mali nevyhnutn\u00fa silu nezapiera\u0165 Krista, ale vyzn\u00e1va\u0165 ho uprostred s\u00fa\u010dasn\u00e9ho sveta, ktor\u00fd za\u010d\u00edna \u00fakladne prenasledova\u0165 Krista a jeho ve\u010dn\u00e9 pravdy. Aktu\u00e1lnos\u0165 Fatimy spo\u010d\u00edva v pr\u00edprave Cirkvi na neboj\u00e1cne vyzn\u00e1vanie katol\u00edckej viery v dne\u0161nom svete a dokonca na mu\u010den\u00edctvo, ako to m\u00f4\u017eeme vidie\u0165 v tretej \u010dasti fatimsk\u00e9ho tajomstva.<\/p>\n<p>Fatima zostane prav\u00fdm prorock\u00fdm znamen\u00edm n\u00e1deje, preto\u017ee Na\u0161a Pani pris\u013e\u00fabila \u010dasy pokoja a v\u00ed\u0165azstva (triumfu) jej Nepo\u0161kvrnen\u00e9ho Srdca.\u201c<\/p>\n<p>Astana 25. marca 2017<\/p>\n<div style=\"text-align: right;\"><strong>+ Mons. Athanasius Schneider, <\/strong><br \/>\npomocn\u00fd biskup,<br \/>\nArcidiec\u00e9za sv\u00e4tej M\u00e1rie v Astane,<br \/>\nKazachstan<\/div>\n<p>&nbsp;<\/p>\n<p>Taktie\u017e <strong>Jeho excelencia Mons. Athanasius Schneider<\/strong> pri osobnom rozhovore 24. j\u00fala 2016 <strong>udelil In\u0161tit\u00fatu sv\u00e4t\u00e9ho Franti\u0161ka Salesk\u00e9ho svoje apo\u0161tolsk\u00e9 po\u017eehnanie<\/strong>, sprev\u00e1dzan\u00e9 svojimi modlitbami.<\/p>\n<\/div>\n<div>\n<h3>Mons. Stanislav Zvolensk\u00fd<\/h3>\n<p><strong><img loading=\"lazy\" decoding=\"async\" class=\"size-medium wp-image-1028 alignright\" src=\"http:\/\/www.desales.sk\/wp-content\/uploads\/2017\/09\/056-Stanislav-Zlovensky-02-Medium-Quality-200x300.jpg\" alt=\"\" width=\"200\" height=\"300\" srcset=\"http:\/\/www.desales.sk\/wp-content\/uploads\/2017\/09\/056-Stanislav-Zlovensky-02-Medium-Quality-200x300.jpg 200w, http:\/\/www.desales.sk\/wp-content\/uploads\/2017\/09\/056-Stanislav-Zlovensky-02-Medium-Quality.jpg 284w\" sizes=\"auto, (max-width: 200px) 100vw, 200px\" \/>Jeho excelencia bratislavsk\u00fd otec arcibiskup metropolita Mons. Stanislav Zvolensk\u00fd <\/strong>n\u00e1m udelil 27. febru\u00e1ra 2017<strong> cirkevn\u00e9 schv\u00e1lenie na stanovy In\u0161tit\u00fatu sv\u00e4t\u00e9ho Franti\u0161ka Salesk\u00e9ho<\/strong>, sprev\u00e1dzan\u00e9 jeho apo\u0161tolsk\u00fdm po\u017eehnan\u00edm (Prot. N. 764\/2017). Z\u00e1rove\u0148 n\u00e1m v\u00a0tento de\u0148 udelil <strong>Imprimatur na<\/strong> na\u0161u nov\u00fa <strong>knihu<\/strong> o\u00a0udalostiach vo Fatime z\u00a0n\u00e1zvom <a href=\"http:\/\/www.triumfsrdca.sk\/\"><em>Triumf Srdca<\/em><\/a> (Prot. N. 669\/2017).<\/p>\n<p>Taktie\u017e n\u00e1s <strong>Jeho excelencia Mons. Stanislav Zvolensk\u00fd <\/strong>pri osobnej audiencii 30. augusta 2017 uistil o\u00a0svojej podpore a\u00a0<strong>udelil n\u00e1\u0161mu In\u0161tit\u00fatu sv\u00e4t\u00e9ho Franti\u0161ka Salesk\u00e9ho svoje apo\u0161tolsk\u00e9 po\u017eehnanie<\/strong> ako v\u00fdznamn\u00fa duchovn\u00fa podporu v\u00a0na\u0161ej \u010dinnosti.<\/p>\n<\/div>\n<div>\n<h3>Mons. Bernard Bober<\/h3>\n<p><strong><img loading=\"lazy\" decoding=\"async\" class=\"alignleft wp-image-1029 size-medium\" src=\"http:\/\/www.desales.sk\/wp-content\/uploads\/2017\/09\/057-Bernard-Bober-02-Medium-Quality-e1506881548567-255x300.jpg\" alt=\"\" width=\"255\" height=\"300\" srcset=\"http:\/\/www.desales.sk\/wp-content\/uploads\/2017\/09\/057-Bernard-Bober-02-Medium-Quality-e1506881548567-255x300.jpg 255w, http:\/\/www.desales.sk\/wp-content\/uploads\/2017\/09\/057-Bernard-Bober-02-Medium-Quality-e1506881548567-768x903.jpg 768w, http:\/\/www.desales.sk\/wp-content\/uploads\/2017\/09\/057-Bernard-Bober-02-Medium-Quality-e1506881548567.jpg 870w\" sizes=\"auto, (max-width: 255px) 100vw, 255px\" \/>Jeho excelencia ko\u0161ick\u00fd otec arcibiskup metropolita Mons. Bernard Bober <\/strong>n\u00e1s 26. apr\u00edla 2017 poctil svoj\u00edm vz\u00e1cnym pr\u00edhovorom ku knihe <a href=\"http:\/\/www.triumfsrdca.sk\/\"><em>Triumf Srdca<\/em><\/a>.<\/p>\n<p><strong>Z\u00e1rove\u0148 n\u00e1s<\/strong> vo svojom liste (Prot. N. 6963\/17) z\u00a031. augusta 2017 <strong>ubezpe\u010dil, \u017ee na\u0161e \u00fasilie m\u00e1 jeho po\u017eehnanie<\/strong> a\u00a0vyprosuje n\u00e1m ve\u013ea sily a\u00a0trpezlivosti pri na\u0161ej nezi\u0161tnej pr\u00e1ci.<\/p>\n<\/div>\n<p>&nbsp;<\/p>\n<p>&nbsp;<\/p>\n<p>&nbsp;<\/p>\n<p>&nbsp;<\/p>\n<h3>Mons. J\u00e1n Orosch<\/h3>\n<p><strong><img loading=\"lazy\" decoding=\"async\" class=\"size-medium wp-image-1314 alignright\" src=\"http:\/\/www.desales.sk\/wp-content\/uploads\/2017\/09\/102-058-Jan-Orosch-02-Medium-Quality-226x300.jpg\" alt=\"\" width=\"226\" height=\"300\" srcset=\"http:\/\/www.desales.sk\/wp-content\/uploads\/2017\/09\/102-058-Jan-Orosch-02-Medium-Quality-226x300.jpg 226w, http:\/\/www.desales.sk\/wp-content\/uploads\/2017\/09\/102-058-Jan-Orosch-02-Medium-Quality.jpg 452w\" sizes=\"auto, (max-width: 226px) 100vw, 226px\" \/>Jeho excelencia trnavsk\u00fd otec arcibiskup Mons. J\u00e1n Orosh<\/strong> n\u00e1m vo svojom liste (Prot. N. 8082\/17) z 25. septembra 2017 p\u00ed\u0161e, \u017ee <strong>sa \u00faprimne te\u0161\u00ed na\u0161ej iniciat\u00edve<\/strong> \u0161\u00edrenia \u00facty k Najsv\u00e4tej\u0161iemu Srdcu Je\u017ei\u0161ovmu skrze Nepo\u0161kvrnen\u00e9 Srdce Panny M\u00e1rie, \u017eel\u00e1 dobr\u00e9 zdravie a<strong> uis\u0165uje n\u00e1s o svojej modlitbe a po\u017eehnan\u00ed.<\/strong><\/p>\n<p>&nbsp;<\/p>\n<div>\n<h3>\u00a0Mons. Stanislav Stol\u00e1rik<\/h3>\n<p><strong><img loading=\"lazy\" decoding=\"async\" class=\"alignleft wp-image-1030 size-medium\" src=\"http:\/\/www.desales.sk\/wp-content\/uploads\/2017\/09\/058-Stanislav-Stolarik-02-Medium-Quality-e1506881715197-216x300.jpg\" alt=\"\" width=\"216\" height=\"300\" srcset=\"http:\/\/www.desales.sk\/wp-content\/uploads\/2017\/09\/058-Stanislav-Stolarik-02-Medium-Quality-e1506881715197-216x300.jpg 216w, http:\/\/www.desales.sk\/wp-content\/uploads\/2017\/09\/058-Stanislav-Stolarik-02-Medium-Quality-e1506881715197.jpg 705w\" sizes=\"auto, (max-width: 216px) 100vw, 216px\" \/>Jeho excelencia ro\u017e\u0148avsk\u00fd otec biskup Mons. Stanislav Stol\u00e1rik <\/strong>n\u00e1m vo svojom liste z 8. septembra 2017 p\u00ed\u0161e, \u017ee s\u00a0pote\u0161en\u00edm prij\u00edma spr\u00e1vy a\u00a0svedectv\u00e1 o\u00a0iniciat\u00edvach \u013eud\u00ed a\u00a0spolo\u010denstiev, ktor\u00ed \u0161\u00edria \u00factu k\u00a0Bo\u017esk\u00e9mu Srdcu Je\u017ei\u0161ovmu a\u00a0Nepo\u0161kvrnen\u00e9mu Srdcu Panny M\u00e1rie. Z\u00e1rove\u0148 n\u00e1m p\u00ed\u0161e, \u017ee r\u00e1d \u017eehn\u00e1 v\u0161etk\u00fdm iniciat\u00edvam a\u00a0projektom n\u00e1\u0161ho In\u0161tit\u00fatu sv\u00e4t\u00e9ho Franti\u0161ka Salesk\u00e9ho, ktor\u00e9 \u0161\u00edria prav\u00fa \u00factu k\u00a0Najsv\u00e4tej\u0161iemu Srdcu Je\u017ei\u0161ovmu a\u00a0Nepo\u0161kvrnen\u00e9mu Srdcu Panny M\u00e1rie.<\/p>\n<\/div>\n<div>\n<h3>\u00a0Mons. Viliam Jud\u00e1k<\/h3>\n<p><strong><img loading=\"lazy\" decoding=\"async\" class=\"alignright wp-image-1031 size-medium\" src=\"http:\/\/www.desales.sk\/wp-content\/uploads\/2017\/09\/059-Viliam-Judak-02-Medium-Quality-e1506881741165-215x300.jpg\" alt=\"\" width=\"215\" height=\"300\" srcset=\"http:\/\/www.desales.sk\/wp-content\/uploads\/2017\/09\/059-Viliam-Judak-02-Medium-Quality-e1506881741165-215x300.jpg 215w, http:\/\/www.desales.sk\/wp-content\/uploads\/2017\/09\/059-Viliam-Judak-02-Medium-Quality-e1506881741165.jpg 430w\" sizes=\"auto, (max-width: 215px) 100vw, 215px\" \/>Jeho excelencia nitriansky otec biskup Mons. Viliam Jud\u00e1k <\/strong>vo svojom liste (Prot. N. 580\/2017-snb) z 6. septembra 2017 \u017eel\u00e1 a\u00a0vyprosuje na\u0161ej \u010dinnosti hojnos\u0165 Bo\u017eieho po\u017eehnania na pr\u00edhovor Panny M\u00e1rie Fatimskej.<\/p>\n<\/div>\n<div>\n<h3>Mons. Mari\u00e1n Chovanec<\/h3>\n<p><strong><img loading=\"lazy\" decoding=\"async\" class=\"size-medium wp-image-1032 alignleft\" src=\"http:\/\/www.desales.sk\/wp-content\/uploads\/2017\/09\/060-Marian-Chovanec-02-Medium-Quality-300x199.jpg\" alt=\"\" width=\"300\" height=\"199\" srcset=\"http:\/\/www.desales.sk\/wp-content\/uploads\/2017\/09\/060-Marian-Chovanec-02-Medium-Quality-300x199.jpg 300w, http:\/\/www.desales.sk\/wp-content\/uploads\/2017\/09\/060-Marian-Chovanec-02-Medium-Quality.jpg 640w\" sizes=\"auto, (max-width: 300px) 100vw, 300px\" \/>Jeho excelencia banskobystrick\u00fd otec biskup Mons. Mari\u00e1n Chovanec <\/strong>n\u00e1m vo svojom liste (Prot. N. 1243\/2017) z 5. septembra 2017 \u017eel\u00e1 a\u00a0vyprosuje<strong>, <\/strong>aby sa n\u00e1m v\u00a0duchu pravej Mari\u00e1nskej \u00facty darilo oslovova\u0165 a\u00a0formova\u0165 veriacich.<\/p>\n<\/div>\n<div>\n<h3>Mons. Franti\u0161ek R\u00e1bek<\/h3>\n<p><strong><img loading=\"lazy\" decoding=\"async\" class=\"alignright wp-image-1033\" src=\"http:\/\/www.desales.sk\/wp-content\/uploads\/2017\/09\/061-Frantisek-Rabek-02-Medium-Quality-300x169.jpg\" alt=\"\" width=\"400\" height=\"226\" srcset=\"http:\/\/www.desales.sk\/wp-content\/uploads\/2017\/09\/061-Frantisek-Rabek-02-Medium-Quality-300x169.jpg 300w, http:\/\/www.desales.sk\/wp-content\/uploads\/2017\/09\/061-Frantisek-Rabek-02-Medium-Quality.jpg 700w\" sizes=\"auto, (max-width: 400px) 100vw, 400px\" \/>Jeho excelencia otec biskup Mons. Franti\u0161ek R\u00e1bek <\/strong>ordin\u00e1r ozbrojen\u00fdch s\u00edl a ozbrojen\u00fdch zborov Slovenskej republiky n\u00e1s 4. apr\u00edla 2017 poctil svoj\u00edm vz\u00e1cnym pr\u00edhovorom ku knihe <a href=\"http:\/\/www.triumfsrdca.sk\/\"><em>Triumf Srdca<\/em><\/a>.\u00a0 Z\u00e1rove\u0148\u00a014. septembra 2017 pripojil modlitbu o Bo\u017eie po\u017eehnanie na\u0161ich dobr\u00fdch z\u00e1merov.<\/p>\n<\/div>\n<div>\n<h3>Charles A. Coulombe<\/h3>\n<p><img loading=\"lazy\" decoding=\"async\" class=\"alignleft wp-image-1034 size-medium\" src=\"http:\/\/www.desales.sk\/wp-content\/uploads\/2017\/09\/062-Charles-Coulombe-02-Medium-Quality-e1506881779820-300x200.jpg\" alt=\"\" width=\"300\" height=\"200\" srcset=\"http:\/\/www.desales.sk\/wp-content\/uploads\/2017\/09\/062-Charles-Coulombe-02-Medium-Quality-e1506881779820-300x200.jpg 300w, http:\/\/www.desales.sk\/wp-content\/uploads\/2017\/09\/062-Charles-Coulombe-02-Medium-Quality-e1506881779820-768x511.jpg 768w, http:\/\/www.desales.sk\/wp-content\/uploads\/2017\/09\/062-Charles-Coulombe-02-Medium-Quality-e1506881779820-1024x682.jpg 1024w, http:\/\/www.desales.sk\/wp-content\/uploads\/2017\/09\/062-Charles-Coulombe-02-Medium-Quality-e1506881779820.jpg 1843w\" sizes=\"auto, (max-width: 300px) 100vw, 300px\" \/>V\u00fdznamn\u00fd americk\u00fd historik Charles A. Coulombe n\u00e1s 25. apr\u00edla 2017 poctil svoj\u00edm vz\u00e1cnym pr\u00edhovorom ku knihe <a href=\"http:\/\/www.triumfsrdca.sk\/\"><em>Triumf Srdca<\/em><\/a>. Vo svojom pr\u00edhovore p\u00ed\u0161e:<\/p>\n<p>\u201e(&#8230;) <strong>Publik\u00e1cia tejto knihy v sloven\u010dine je Bo\u017e\u00edm dielom.<\/strong> Slovensko je krajina zvl\u00e1\u0161\u0165 zasv\u00e4ten\u00e1 a milovan\u00e1 Bo\u017eou Matkou, ako to ukazuje Levo\u010da a mnoh\u00e9 in\u00e9 sv\u00e4tyne, ktor\u00e9 s\u00fa jej zasv\u00e4ten\u00e9. T\u00e1to krajina bola jednou z t\u00fdch, ktor\u00fdm vl\u00e1dol a ktor\u00fa miloval bl. Karol Habsbursk\u00fd a pre ktorej pokoj a jednotu obetoval svoj \u017eivot Bohu. Aj ke\u010f Slovensko dlho trpelo pod komunistick\u00fdm jarmom, predsa aj v\u010faka tomu uniklo mnoh\u00fdm zl\u00fdm veciam, ktor\u00e9 sp\u00f4sobila v z\u00e1padn\u00fdch krajin\u00e1ch \u201egener\u00e1cia 68\u201c. Z tohto v\u0161etk\u00e9ho je zrejm\u00e9, \u017ee v\u00e4\u010d\u0161ina Slov\u00e1kov spozn\u00e1 pris\u013e\u00fabenia Na\u0161ej Panej z Fatimy a bude hra\u0165 d\u00f4le\u017eit\u00fa \u00falohu pri obr\u00e1ten\u00ed Ruska, v\u00ed\u0165azstve (triumfe) Nepo\u0161kvrnen\u00e9ho Srdca a pr\u00edchode obdobia pokoja. Nech Boh ur\u00fdchli pr\u00edchod tohto d\u0148a!\u201c<\/p>\n<p>Monrovia 25. apr\u00edla 2017, sviatok sv. Marka<\/p>\n<div style=\"text-align: right;\"><strong>+ Charles A. Coulombe<\/strong><br \/>\namerick\u00fd historik,<br \/>\nMonrovia, Kalifornia,<br \/>\nSpojen\u00e9 \u0161t\u00e1ty americk\u00e9<\/div>\n<h3>Otec Mari\u00e1n Kuffa<\/h3>\n<p><strong><img loading=\"lazy\" decoding=\"async\" class=\"alignright wp-image-1035\" src=\"http:\/\/www.desales.sk\/wp-content\/uploads\/2017\/09\/063-Mariam-Kuffa-02-Medium-Quality-300x169.jpg\" alt=\"\" width=\"400\" height=\"225\" srcset=\"http:\/\/www.desales.sk\/wp-content\/uploads\/2017\/09\/063-Mariam-Kuffa-02-Medium-Quality-300x169.jpg 300w, http:\/\/www.desales.sk\/wp-content\/uploads\/2017\/09\/063-Mariam-Kuffa-02-Medium-Quality.jpg 635w\" sizes=\"auto, (max-width: 400px) 100vw, 400px\" \/>Zn\u00e1my otec Mari\u00e1n Kuffa<\/strong>, far\u00e1r zo \u017dakoviec, n\u00e1s \u00a026. apr\u00edla 2017 poctil svoj\u00edm vz\u00e1cnym pr\u00edhovorom ku knihe <a href=\"http:\/\/www.triumfsrdca.sk\/\"><em>Triumf Srdca<\/em><\/a>. Vo svojom pr\u00edhovore p\u00ed\u0161e:<\/p>\n<p>\u201e(&#8230;) <strong>Boh neh\u013ead\u00e1 \u013eud\u00ed pripraven\u00fdch<\/strong>. On si ich priprav\u00ed. H\u013ead\u00e1 \u013eud\u00ed ochotn\u00fdch, ktor\u00ed mu to dovolia. Dovol\u00ed\u0161 mu to ty? Nep\u00fdtam sa, \u010di si schopn\u00fd, ale \u010di si ochotn\u00fd, (&#8230;)<\/p>\n<p><strong>V knihe <a href=\"http:\/\/www.triumfsrdca.sk\/\"><em>Triumf Srdca<\/em><\/a> je uveden\u00fd n\u00e1vod na \u0161\u0165astie.<\/strong> Panna M\u00e1ria Fatimsk\u00e1 je \u0161\u0165astn\u00fd za\u010diatok tvojho \u0161\u0165astn\u00e9ho konca tu na zemi a \u0161\u0165astn\u00fd za\u010diatok tvojho ve\u010dn\u00e9ho \u017eivota v nebi.<\/p>\n<p>Srde\u010dn\u00e9 P\u00e1n Boh zapla\u0165 v\u0161etk\u00fdm autorom za skvel\u00fa knihu Triumf Srdca.\u201c<\/p>\n<p>\u017dakovce 26. apr\u00edla 2017<\/p>\n<div style=\"text-align: right;\">+ <strong>Vdp. Mari\u00e1n Kuffa,<\/strong><br \/>\nfar\u00e1r, predstaven\u00fd<br \/>\nIn\u0161tit\u00fatu Krista Ve\u013ek\u0148aza,<br \/>\n\u017dakovce<\/div>\n<\/div>\n<div>\n<h3>Otec Michal Vivoda<\/h3>\n<p><strong>ThDr. otec Michal Vivoda <\/strong>o\u00a0na\u0161ej novej knihe pojedn\u00e1vaj\u00facej o\u00a0zjaveniach vo Fatime s\u00a0n\u00e1zvom <em>Triumf Srdca<\/em> v\u00a0m\u00e1jovom \u010d\u00edsle bratislavsk\u00e9ho \u010dasopisu Blument\u00e1l p\u00ed\u0161e:<\/p>\n<p>\u201e (&#8230;) Jednotliv\u00e9 piliere objas\u0148uj\u00fa, v\u00a0\u010dom spo\u010d\u00edva opravdiv\u00e1 katol\u00edcka zbo\u017enos\u0165, <strong>\u010do m\u00e1 robi\u0165 a \u010do zanecha\u0165 kres\u0165an katol\u00edk<\/strong>, aby jeho \u017eivot bol skuto\u010dne <strong>na v\u00e4\u010d\u0161iu Bo\u017eiu \u010des\u0165 a sl\u00e1vu a na spasenie svojej du\u0161e. <\/strong>Toto je cie\u013eom predstavovanej knihy, (&#8230;)\u201c<\/p>\n<\/div>\n","protected":false},"excerpt":{"rendered":"<p>Kardin\u00e1l Raymond Leo Burke Jeho eminencia kardin\u00e1l Raymond Leo Burke n\u00e1s 10. m\u00e1ja 2017 poctil svoj\u00edm vz\u00e1cnym pr\u00edhovorom ku knihe Triumf\u00a0Srdca. Vo svojom pr\u00edhovore o\u00a0na\u0161om In\u0161tit\u00fate sv\u00e4t\u00e9ho Franti\u0161ka Salesk\u00e9ho p\u00ed\u0161e: \u201e(&#8230;) Ke\u010f\u017ee si uvedomujem st\u00e1le trvaj\u00facu d\u00f4le\u017eitos\u0165 posolstva Na\u0161ej Panej z Fatimy, som ve\u013emi v\u010fa\u010dn\u00fd za to, \u017ee na po\u010des\u0165 storo\u010dnice jej zjaven\u00ed sa In\u0161tit\u00fat&hellip; <\/p>\n","protected":false},"author":1,"featured_media":0,"parent":0,"menu_order":0,"comment_status":"closed","ping_status":"closed","template":"","meta":{"footnotes":""},"class_list":["post-1020","page","type-page","status-publish","hentry"],"_links":{"self":[{"href":"http:\/\/www.desales.sk\/index.php?rest_route=\/wp\/v2\/pages\/1020","targetHints":{"allow":["GET"]}}],"collection":[{"href":"http:\/\/www.desales.sk\/index.php?rest_route=\/wp\/v2\/pages"}],"about":[{"href":"http:\/\/www.desales.sk\/index.php?rest_route=\/wp\/v2\/types\/page"}],"author":[{"embeddable":true,"href":"http:\/\/www.desales.sk\/index.php?rest_route=\/wp\/v2\/users\/1"}],"replies":[{"embeddable":true,"href":"http:\/\/www.desales.sk\/index.php?rest_route=%2Fwp%2Fv2%2Fcomments&post=1020"}],"version-history":[{"count":0,"href":"http:\/\/www.desales.sk\/index.php?rest_route=\/wp\/v2\/pages\/1020\/revisions"}],"wp:attachment":[{"href":"http:\/\/www.desales.sk\/index.php?rest_route=%2Fwp%2Fv2%2Fmedia&parent=1020"}],"curies":[{"name":"wp","href":"https:\/\/api.w.org\/{rel}","templated":true}]}}